{"id":43,"date":"2019-12-12T15:18:30","date_gmt":"2019-12-12T14:18:30","guid":{"rendered":"https:\/\/www.heimatmuseum-erbenheim.de\/?page_id=43"},"modified":"2026-04-15T14:51:21","modified_gmt":"2026-04-15T12:51:21","slug":"veranstaltungen","status":"publish","type":"page","link":"https:\/\/www.heimatmuseum-erbenheim.de\/?page_id=43","title":{"rendered":"Aktivit\u00e4ten"},"content":{"rendered":"\n<h3 class=\"wp-block-heading\">AG Heimat- und Geschichtsvereine<\/h3>\n\n\n\n<p><em><strong>14.04.2026<\/strong><\/em><br>Zum siebten Treffen der &#8222;AG Heimat- und Geschichtsvereine&#8220; kamen 11 Vertreter aus 8 Vereinen ins Heimatmuseum Medenbach. Nach einer R\u00fcckschau auf das vergangene Jahr wurden zahlreiche aktuelle Themen besprochen.<\/p>\n\n\n\n<h3 class=\"wp-block-heading\">Besuch von der Klasse 3e der Justus-von-Liebig Schule<\/h3>\n\n\n\n<p><strong><em>18.03.2026<\/em><\/strong><br>Heute war die Klasse 3e der Justus-von-Liebig Schule im Heimatmuseum zu Gast. Neben einem verk\u00fcrzten Rundgang durch das Museum wurden den ca. 20 Sch\u00fclerinnen und Sch\u00fclern die Geschichte Erbenheims und der Schulbesuch zu Zeiten der Gro\u00dfeltern durch Ausstellungsst\u00fccke und alte Fotos n\u00e4hergebracht. Wir hoffen, den ein oder anderen mit seinen Eltern im Museum bald wieder zu sehen.<\/p>\n\n\n\n<h3 class=\"wp-block-heading\">Mitgliederversammlung 2026<\/h3>\n\n\n\n<p><strong><em>05.03.2026<\/em><\/strong><br>Seine j\u00e4hrliche Mitgliederversammlung hielt der Verein Heimatmuseum wie immer im alten Erbenheimer Rathaus.<br>Nach der Begr\u00fc\u00dfung und der Feststellung der Beschlu\u00dff\u00e4higkeit gedachten die Anwesenden den zahlreichen im letzten Jahr verstorbenen Mitglieder.<br>In seinem Jahresbericht erl\u00e4uterte Vorsitzender Gerhard Beil, dass die regelm\u00e4\u00dfigen \u00d6ffnungszeiten des Museums am letzten Sonntag im Monat von M\u00e4rz bis Oktober gut angenommen wurden. Es stehen immer mehrere Vorstandsmitglieder f\u00fcr F\u00fchrungen, Informationen und Gespr\u00e4chen zur Verf\u00fcgung.<br>Die neue Sonderausstellung zum Thema \u201e100 Jahre Feuerwehrger\u00e4tehaus\u201c wird wahrscheinlich am 29. M\u00e4rz er\u00f6ffnet. Die R\u00e4ume des Heimatmuseums werden regelm\u00e4\u00dfig von Vereinen und Verb\u00e4nden, Institutionen und \u00f6rtlichen Parteien, der Schiedsfrau, dem Ortsbeirat sowie regelm\u00e4\u00dfigen Sprechstunden des Ortsgerichts und standesamtlichen Hochzeiten, sowie dem H\u00f6fefest-Ausschuss in Anspruch genommen. In 2025 waren es insgesamt 160 Raumbelegungstermine. Der Vorstand trifft sich regelm\u00e4\u00dfig einmal monatlich zu einer Sitzung. Au\u00dferdem finden immer wieder \u201eArbeitstreffen\u201c statt, bei denen ger\u00e4umt und umorganisiert wird. Der Vorsitzende dankte allen Vorstandsmitgliedern f\u00fcr die sehr gute Zusammenarbeit.<br>Der 2. Vorsitzende Achim Tepper ging auf weitere Aktivit\u00e4ten im Museum ein. Die vorhandenen Fotos sind inzwischen vollst\u00e4ndig digitalisiert, indexiert und archivm\u00e4\u00dfig gelagert. Er vertritt das Heimatmuseum im Arbeitskreis der Heimat- und Geschichtsvereine. Auch zum Stadtarchiv und Stadtmuseum bestehen st\u00e4ndige Kontakte.<br>Kassenwart Gottfried D\u00f6ll berichtete, dass das zur\u00fcckliegende Gesch\u00e4ftsjahr positiv abgeschlossen werden konnte. Die ordentlichen und gut gef\u00fchrten Finanzen lobten auch die beiden Kassenpr\u00fcfer.<br>Nach der einstimmigen Entlastung des Vorstandes, erfolgte die Wahl eines neuen Kassenpr\u00fcfers.<br>Antr\u00e4ge waren beim Vorstand nicht eingegangen. Unter dem Punkt &#8222;Verschiedenes&#8220; wurden noch allgemeine Punkte ohne Beschlussfassung er\u00f6rtert.<\/p>\n\n\n\n<h3 class=\"wp-block-heading\">Vom Suchen und Finden<\/h3>\n\n\n\n<p><strong><em>29.06.2025<\/em><\/strong><br>Unter diesem Titel hatte das Heimatmuseum Erbenheim f\u00fcr den heutigen Sonntag zu einem sommerlichen Konzert eingeladen. Alyssa Prax (Sopran) und Dirk Hering (Tenor), die das Publikum beim 40j\u00e4hrigen Vereinsjubil\u00e4um schon begeisterten, sangen fast zwei Stunden lang Musicalmelodien von der Liebe. Unterst\u00fctzt wurden sie dabei von Theresia Feldmann und Ciara Widmann als G\u00e4sten. Am Piano begleitet von Jonathan Kreuder.<img decoding=\"async\" align=\"right\" class=\"wp-image-2992\" style=\"width: 250px;\" src=\"https:\/\/www.heimatmuseum-erbenheim.de\/wp-content\/uploads\/2025\/07\/Konzert1.jpg\" alt=\"\"><br>Leider konnte Vorsitzender Gerhard Beil nur sehr wenige Vereinsmitglieder im gut gef\u00fcllten gro\u00dfen Saal des Alten Rathauses begr\u00fcssen. Zum Gl\u00fcck hatte der Vorstand fr\u00fchzeitig entschieden, dieses eigentlich vereinsintern gedachte Konzert f\u00fcr die \u00d6ffentlichkeit freizugeben. Vielleicht kamen noch einige spontane Zuh\u00f6rer wegen der aufgrund der warmen Temperaturen ge\u00f6ffneten Fenstern dazu.<br>In der Pause konnten sich die Zuh\u00f6rerinnen und Zuh\u00f6rer bei Wasser und Secco erfrischen.<br>Allen, die den Weg ins Alte Erbenheimer Rathaus nicht gefunden haben, kann ich nur sagen: Chance verpasst! So bald wird es ein \u00e4hnliches Konzert nicht wieder geben.<\/p>\n\n\n\n<h3 class=\"wp-block-heading\">AG Heimat- und Geschichtsvereine<\/h3>\n\n\n\n<p><strong><em>20.05.2025<\/em><\/strong><br>Zum mittlerweile sechsten Treffen der &#8222;AG Heimat- und Geschichtsvereine&#8220; kamen 13 Vertreter in die Schenke der &#8222;Historischen Werkstatt&#8220; in Nordenstadt. Nach einer R\u00fcckschau zur Veranstaltung im SaM im letzten Jahr wurden zahlreiche aktuelle Themen besprochen.<\/p>\n\n\n\n<h3 class=\"wp-block-heading\">Unsichtbare historische Spuren im W\u00e4schbachtal<\/h3>\n\n\n\n<p><strong><em>18.05.2025<\/em><\/strong><br>In Kooperation mit dem Heimatmuseum f\u00fchrte Jutta Steinacker durch das W\u00e4schbachtal.  Der geschichtliche Bogen spannte sich von der eiszeitlichen Lagerst\u00e4tte bei Igstadt, \u00fcber die stein- und bronzezeitlichen Sieldungsspuren und r\u00f6mischen Villa Rustikas (Landg\u00fcter) die einst im W\u00e4schbachtal standen.<\/p>\n\n\n\n<h3 class=\"wp-block-heading\">Am 26.4.2025 verstarb unser Gr\u00fcnder und ehemaliger Vorsitzender Dieter Breuer<\/h3>\n\n\n\n<p>Als langj\u00e4hriges Vorstandsmitglied und Mitbegr\u00fcnder des Arbeitskreises \u201eHeimatmuseum\u201d in der Interessengemeinschaft Erbenheimer Ortsvereine war es sein Ziel, in Erbenheim ein<br>Heimatmuseum er\u00f6ffnen zu k\u00f6nnen.<br>Nach Gr\u00fcndung des Vereins \u201eHeimatmuseum Erbenheim e.V.\u201c am 9.11.1983 war er bis 2017<br>dessen Vorsitzender. Mit viel Enthusiasmus und Verhandlungsgeschick war er Wegbereiter des am 01.12.1984 im alten Rathaus von Erbenheim in den ersten R\u00e4umen er\u00f6ffneten Heimatmuseums. Im Jahre 2016 gelang es dann, das ganze Geb\u00e4ude f\u00fcr das Heimatmuseum zu mieten. Seitdem ist es Mittelpunkt im Erbenheimer Vereinsleben.<br>Auch die arch\u00e4ologischen Ausgrabungen rund um Erbenheim wurden von ihm mit gro\u00dfem<br>Interesse begleitet.<br>Mit seiner zielorientierten, ruhigen und verbindenden Art hat sich Dieter Breuer abseits seiner<br>beruflichen T\u00e4tigkeit ehrenamtlich sehr engagiert.<br>Auch in der Berichterstattung hatte er ein offenes Ohr f\u00fcr die gesellschaftlichen, sportlichen und vereinsbezogenen Angelegenheiten allgemein und besonders f\u00fcr den  heimatgeschichtlichen Bereich.<br>\u2022 Er war Mitglied der Familienkundlichen Gesellschaft f\u00fcr Nassau und Frankfurt;<br>\u2022 Mitglied der Arbeitsgemeinschaft ostdeutscher Familienforscher;<br>\u2022 Mitglied und Mitarbeiter im Arbeitskreis Wiesbadener Heimatforschung und in diesem<br>Kreis auch Initiator heimatgeschichtlicher Publikationen<\/p>\n\n\n\n<h3 class=\"wp-block-heading\">Neue Sonderausstellung er\u00f6ffnet<\/h3>\n\n\n\n<p><strong><em>23.03.2025<\/em><\/strong><br>Rechtzeitig zur Er\u00f6ffnung der neuen Museumssaison konnte auch <img decoding=\"async\" align=\"right\" class=\"wp-image-2992\" style=\"width: 250px;\" src=\"https:\/\/www.heimatmuseum-erbenheim.de\/wp-content\/uploads\/2025\/04\/Uebersicht-scaled.jpg\" alt=\"\">die neue Sonderausstellung \u201eMusik im Wandel \u2013 Vom Grammophon zum Streaming\u201c fertiggestellt werden. Neben unserer Daueraustellung mit neuen Objekten von und zu Erbenbeim zeigen wir in diesem Jahr auch eine Sondervitrine mit Erinnerungen an das Erbenheimer \u201eKaffee Hafer\u201c.<br><br><br><br><\/p>\n\n\n\n<h3 class=\"wp-block-heading\">Mitgliederversammlung 2025<\/h3>\n\n\n\n<p><em><strong>13.03.2025<\/strong><\/em><br>Seine j\u00e4hrliche Mitgliederversammlung hielt der Verein Heimatmuseum wie immer im alten Erbenheimer Rathaus.<br>In seinem Jahresbericht erl\u00e4uterte Vorsitzender Gerhard Beil, dass die regelm\u00e4\u00dfigen \u00d6ffnungszeiten des Museums am letzten Sonntag im Monat von M\u00e4rz bis Oktober gut angenommen wurden. Es stehen immer mehrere Vorstandsmitglieder f\u00fcr F\u00fchrungen, Informationen und Gespr\u00e4chen zur Verf\u00fcgung. Aufgrund von Malerarbeiten mussten zwei Termine kurzfristig ausfallen, da die Exponate teilweise mit Folien abgedeckt waren. Auch wurde an einem der beiden Fahnenmasten das defekte Stahlseil und dessen Befestigung ausgetauscht.<br>Die Sonderausstellung zum Thema \u201eGermania-Brauerei Wiesbaden\u201c, welche sich in unseren R\u00e4umen von April bis September befand, wurde bis zum November 2024 verl\u00e4ngert. Der Besuch war gut, und brachte Herrn Schwemmer &#8211; dem Leihgeber der Exponate \u2013 zahlreiche neue Informationen. Der leider eher zur\u00fcckhaltende Besuch durch unsere Vereinsmitglieder wurde durch eine gro\u00dfe Anzahl ausw\u00e4rtiger Besucher ausgeglichen.<br>Die R\u00e4ume des Heimatmuseums werden regelm\u00e4\u00dfig von Vereinen und Verb\u00e4nden, Institutionen und \u00f6rtlichen Parteien, der Schiedsfrau, dem Ortsbeirat sowie regelm\u00e4\u00dfigen Sprechstunden des Ortsgerichts und standesamtliche Hochzeiten, dem H\u00f6fefest-Ausschuss in Anspruch genommen. In 2024 waren es insgesamt 145 Raumbelegungstermine.<br>Der Vorstand trifft sich regelm\u00e4\u00dfig einmal monatlich zu einer Sitzung. Au\u00dferdem finden immer wieder \u201eArbeitstreffen\u201c statt, bei denen ger\u00e4umt und umorganisiert wird. Im September unterst\u00fctzen wir den 75. Geburtstag der Erbenheimer Landfrauen auf dem Kirchplatz.<br>Der Vorsitzende dankte allen Vorstandsmitgliedern f\u00fcr die sehr gute Zusammenarbeit.<br>Besonders bei dem 2. Vorsitzenden Achim Tepper, der erneut mit sehr viel Engagement und Ideenreichtum Motor vieler Initiativen war. Bei Gottfried D\u00f6ll f\u00fcr die Betreuung der standesamtlichen Hochzeiten und die st\u00e4ndige Pflege und Pr\u00e4senz an und um das Heimatmuseum. Hier wird er selbstverst\u00e4ndlich von allen weiteren Vorstandsmitgliedern bei Bedarf unterst\u00fctzt. Bei Inge Schaab letztmalig f\u00fcr die Pflege der Blumenk\u00e4sten und Gudrun Deul, die beim mehrmaligen bepflanzen der Blumenk\u00e4sten unterst\u00fctzte und einen Teil der Ersatzbepflanzung finanziert hat. <br>Der 2. Vorsitzende Achim Tepper ging auf weitere Aktivit\u00e4ten im Museum ein. Die vorhandenen Fotos wurde vollst\u00e4ndig digitalisiert und zum gr\u00f6\u00dften Teil indexiert. Er vertritt das Heimatmuseum im Arbeitskreis der Heimat- und Geschichtsvereine. Auch zum Stadtarchiv und Stadtmuseum bestehen st\u00e4ndige Kontakte.<br>Kassenwart Gottfried D\u00f6ll berichtete, dass das zur\u00fcckliegende Gesch\u00e4ftsjahr positiv abgeschlossen werden konnte. Die ordentlichen und gut gef\u00fchrten Finanzen lobten auch die beiden Kassenpr\u00fcfer. Klaus Steiger beantragte die Entlastung des Vorstandes, f\u00fcr die die Anwesenden einstimmig votierten.<br>Bei den turnusgem\u00e4\u00dfen Vorstandswahlen stand J\u00fcrgen Lottig nicht mehr zur Verf\u00fcgung. Der neue Vorstand setzt sich zusammen aus:<br>1. Vorsitzender Gerhard Beil<br>2. Vorsitzender Achim Tepper<br>Kassenverwalter Gottfried D\u00f6ll<br>Beisitzer Holger Schlick<br>Beisitzer Aline Wei\u00df<br>F\u00fcr den turnusgem\u00e4\u00df ausscheidenden Kassenpr\u00fcfer Klaus Steiger wurde Holger Deul gew\u00e4hlt.<\/p>\n\n\n\n<h3 class=\"wp-block-heading\">Zukunft kleiner Museen im Fokus \u2013 Austausch \u00fcber neue Strategien zur Nachwuchsgewinnung<\/h3>\n\n\n\n<p>Am 7. Oktober fand im sam \u2013 Stadtmuseum am Markt Wiesbaden ein Workshop des Arbeitskreises Stadtgeschichte, historisches Erbe, Brauchtum sowie der Arbeitsgemeinschaft Heimat- und Geschichtsvereine statt.<br>Stadtteil- und Heimatmuseen sind die Bewahrer lokaler (Alltags-)Geschichte, oft getragen von engagierten ehrenamtlichen B\u00fcrgerinnen und B\u00fcrgern. Doch wie k\u00f6nnen j\u00fcngere Generationen f\u00fcr dieses wertvolle Engagement gewonnen werden? Diese Frage stand im Mittelpunkt des Workshops des Arbeitskreises Stadtgeschichte, historisches Erbe, Brauchtum sowie der Arbeitsgemeinschaft Heimat- und Geschichtsvereine, der am 7. Oktober im Wiesbadener Marktkeller stattfand. Die Idee entstand im Rahmen eines der regelm\u00e4\u00dfigen Treffen des Arbeitskreises Stadtgeschichte, historisches Erbe und Brauchtum. Dieser Arbeitskreis, der aus den vorbereitenden Workshops zum Kulturentwicklungsplan (KEP) der Stadt Wiesbaden hervorgegangen ist, engagiert sich seit f\u00fcnf Jahren als Begleitgremium des KEP. Im Fokus stehen dabei die Vernetzung sowie die F\u00f6rderung der Zusammenarbeit zwischen relevanten Institutionen und Akteuren im Bereich Stadtgeschichte, historisches Erbe und Brauchtum.<br>Der Workshop, er\u00f6ffnet von Sabine Philipp, Direktorin des Stadtmuseums am Markt (sam), und J\u00f6rg-Uwe Funk, Leiter des Kulturamts Wiesbaden, beleuchtete die Herausforderungen und Chancen kleinerer Museen. Organisiert wurde der Abend von Harald Kuntze, Journalist und Medienp\u00e4dagoge, sowie Achim Tepper von der AG Heimat- und Geschichtsvereine. Kurze Impulsvortr\u00e4ge gaben J\u00f6rn Dauer vom Freiwilligen-Zentrum Wiesbaden, Dr. Judith Schmidt, regionale Museumsberaterin des Museumsverbands Hessen, sowie Linda Heintze vom Museum f\u00fcr Gie\u00dfen. Sie teilten wertvolle Einblicke in die M\u00f6glichkeiten, Ehrenamtliche zu gewinnen, die Potenziale der Museumsberatung und die Wirkung partizipativer Ausstellungsprojekte.Im Mittelpunkt des Abends standen jedoch die regen Diskussionsrunden, bei denen die Teilnehmer intensiv \u00fcber konkrete Ma\u00dfnahmen sprachen. Am Ende des Workshops war man sich einig: Der Austausch zwischen den Museen ist unerl\u00e4sslich, um die Zukunft der Einrichtungen zu sichern. Die Veranstaltung zeigte nicht nur, dass viele Museen mit \u00e4hnlichen Herausforderungen k\u00e4mpfen. Sie bot den Teilnehmern auch zahlreiche Anregungen, wie durch die Unterst\u00fctzung von Freiwilligenorganisationen, professionelle Beratung und kreative Ausstellungsprojekte junge Menschen f\u00fcr das Engagement in Museen begeistert werden k\u00f6nnen.<br>Das Fazit des Abends: Der Austausch soll k\u00fcnftig in regelm\u00e4\u00dfigen und vielf\u00e4ltigen Formaten fortgesetzt werden, um durch st\u00e4rkere Zusammenarbeit die Zukunftsf\u00e4higkeit kleiner Museen zu sichern.<br>Dr. Isabel A. Hohle, sam \u2013 Stadtmuseum am Markt<br>An der Veranstaltung haben Vertreter von 10 Wiesbadener Heimat- und Geschichtsvereinen teilgenommen. Aus dem Osten Wiesbadens waren das Delkenheim, Erbenheim, Igstadt, Kloppenheim und Naurod.<\/p>\n\n\n\n<h3 class=\"wp-block-heading\">Besuch aus Japan<\/h3>\n\n\n\n<p><em>03.09.2024<\/em><br>Heute hatten wir Besuch von einer Familie, bei der die Ehefrau aus der H\u00fcnefeldstra\u00dfe in Erbenheim stammt. Nachdem sie in unserer Bibliothek ausgiebig nach Informationen zu den Vorfahren gesucht hatten, f\u00fchrte unser 2. Vorsitzender noch durch die Austellung. Dabei wurden zahlreiche Erinnerungen wach.<\/p>\n\n\n\n<h3 class=\"wp-block-heading\">Besuch von der Justus-von-Liebig Schule<\/h3>\n\n\n\n<p>17<em>.05.2024<\/em><br>Heute waren die dritten Klassen der Justus-von-Liebig Schule im Heimatmuseum zu Gast. Neben einem verk\u00fcrzten Rundgang durch das Museum wurden den ca. 130 Sch\u00fclerinnen und Sch\u00fclern Erbenheim und der Schulbesuch in alter Zeit durch Ausstellungsst\u00fccke und alte Fotos nahegebracht. Wir hoffen, den ein oder anderen mit seinen Eltern im Museum bald wieder zu sehen.<\/p>\n\n\n\n<h3 class=\"wp-block-heading\">Neue Sonderausstellung er\u00f6ffnet<\/h3>\n\n\n\n<p><em>07.04.2024<\/em><br>Die heutige Er\u00f6ffnung der neuen Sonderausstellung <img decoding=\"async\" align=\"right\" class=\"wp-image-2992\" style=\"width: 250px;\" src=\"https:\/\/www.heimatmuseum-erbenheim.de\/wp-content\/uploads\/2024\/04\/DSCN0082-scaled.jpg\" alt=\"\">\u201eGermania \u2013 Aufstieg und Niedergang einer Wiesbadener Brauerei\u201c mit den Exponaten von Sammler Ingo Schwemmer war ein gro\u00dfer Erfolg.<br><br><br><br><\/p>\n\n\n\n<h3 class=\"wp-block-heading\">Jahreshauptversammlung 2024<\/h3>\n\n\n\n<p><em>29.02.2024<\/em><br>Seine Jahreshauptversammlung hielt der Verein Heimatmuseum wie immer im alten Erbenheimer Rathaus.<br>In seinem Jahresbericht erl\u00e4uterte Vorsitzender Gerhard Beil, dass die regelm\u00e4\u00dfigen \u00d6ffnungszeiten des Museums einmal im Monat von M\u00e4rz bis Oktober gut angenommen wurden. Die Vorstandsmitglieder standen f\u00fcr F\u00fchrungen, Informationen und Gespr\u00e4chen zur Verf\u00fcgung.<br>Die Sonderausstellung zum Thema \u201e60 Jahre Mainzelm\u00e4nnchen\u201c fand gro\u00dfen Zuspruch. Leider haben nur wenige Vereinsmitglieder die Chance, diese nicht mehr wiederkehrende Ausstellung zu sehen, wahrgenommen.<br>Das 40j\u00e4hrige Vereinsjubil\u00e4um wurde in einer sch\u00f6nen Feier begangen, bei der unser Mitglied Alyssa Prax und Dirk Hering die Besucher mit ihrem Gesang begeisterten.<br>Die R\u00e4ume des Heimatmuseums werden aber auch regelm\u00e4\u00dfig f\u00fcr Vereine, Verb\u00e4nde, Institutionen und \u00f6rtliche Parteien, f\u00fcr Schiedsmann bzw. Schiedsfrau sowie regelm\u00e4\u00dfige Sprechstunden des Ortsgerichts und standesamtliche Hochzeiten in Anspruch genommen. In 2023 waren das insgesamt 145 Raumbelegungstermine, erl\u00e4uterte Gerhard Beil.<br>Der Vorstand trifft sich regelm\u00e4\u00dfig einmal monatlich zu einer Sitzung. Au\u00dferdem finden immer wieder \u201eArbeitstreffen\u201c statt, bei denen ger\u00e4umt und umorganisiert wird. Der Vorsitzende dankte allen Vorstandsmitgliedern f\u00fcr die sehr gute Zusammenarbeit. Besonders dem 2. Vorsitzenden Achim Tepper, der wieder sehr viel Engagement und gro\u00dfem Ideenreichtum treibende Kraft vieler Initiativen ist. Bei Gottfried D\u00f6ll bedankte er sich f\u00fcr die Betreuung der standesamtlichen Hochzeiten. Inge Schaab erhielt f\u00fcr die Pflege der Blumenk\u00e4sten einen Blumendank. Um den Betreibern des Weinstands die Arbeit zu erleichtern, stellt der Vorstand des Heimatmuseums auf seiner Internetseite ab sofort verschiedene Anleitungen zur Verf\u00fcgung.<br>Auch der 2. Vorsitzende Achim Tepper ging auf einige weitere Aktivit\u00e4ten des Vereins ein. Die Lagerbest\u00e4nde wurden nach der Katalogisierung inzwischen nach Themen sortiert. Es konnten mehrere Vitrinen \u00fcbernommen und anschlie\u00dfend \u00fcberarbeitet werden. F\u00fcr die Speicherung digitaler Best\u00e4nde, wie Dokumente und Fotos, wurde ein Vereinsrechner angeschafft. Achim Tepper vertritt das Heimatmuseum auch in dem Arbeitskreis der Heimat- und Geschichtsvereine. Auch zum Stadtarchiv bestehen st\u00e4ndige Kontakte.<br>Kassenwart Gottfried D\u00f6ll hat die Finanzsituation des Vereins gut im Griff, wie sich dies in den aktuellen Zahlen zeigte. Die ordentlichen und gut gef\u00fchrten Finanzen lobten auch die beiden Kassenpr\u00fcfer. Hagen Schulz beantragte auch die Entlastung des Kassenwartes und des gesamten Vorstandes, f\u00fcr die die Anwesenden einstimmig votierten.<br>F\u00fcr den turnusgem\u00e4\u00df ausscheidenden Kassenpr\u00fcfer Hagen Schulz wurde Gudrun Ohl gew\u00e4hlt.<\/p>\n\n\n\n<p>Weitere Aktivit\u00e4ten<\/p>\n\n\n\n<ul class=\"wp-block-list\">\n<li>Sonderausstellungen (kulturelle Themen)<\/li>\n\n\n\n<li>Fachvortr\u00e4ge zur Familiengeschichte ca. zweimal j\u00e4hrlich<\/li>\n\n\n\n<li>Lichtbildervortr\u00e4ge<\/li>\n\n\n\n<li>Lesenachmittage<\/li>\n<\/ul>\n\n\n\n<p><\/p>\n","protected":false},"excerpt":{"rendered":"<p>AG Heimat- und Geschichtsvereine 14.04.2026Zum siebten Treffen der &#8222;AG Heimat- und Geschichtsvereine&#8220; kamen 11 Vertreter aus 8 Vereinen ins Heimatmuseum Medenbach. Nach einer R\u00fcckschau auf das vergangene Jahr wurden zahlreiche aktuelle Themen besprochen. Besuch von der Klasse 3e der Justus-von-Liebig<\/p>\n","protected":false},"author":1,"featured_media":0,"parent":0,"menu_order":0,"comment_status":"closed","ping_status":"closed","template":"","meta":{"footnotes":""},"class_list":["post-43","page","type-page","status-publish","hentry"],"_links":{"self":[{"href":"https:\/\/www.heimatmuseum-erbenheim.de\/index.php?rest_route=\/wp\/v2\/pages\/43","targetHints":{"allow":["GET"]}}],"collection":[{"href":"https:\/\/www.heimatmuseum-erbenheim.de\/index.php?rest_route=\/wp\/v2\/pages"}],"about":[{"href":"https:\/\/www.heimatmuseum-erbenheim.de\/index.php?rest_route=\/wp\/v2\/types\/page"}],"author":[{"embeddable":true,"href":"https:\/\/www.heimatmuseum-erbenheim.de\/index.php?rest_route=\/wp\/v2\/users\/1"}],"replies":[{"embeddable":true,"href":"https:\/\/www.heimatmuseum-erbenheim.de\/index.php?rest_route=%2Fwp%2Fv2%2Fcomments&post=43"}],"version-history":[{"count":93,"href":"https:\/\/www.heimatmuseum-erbenheim.de\/index.php?rest_route=\/wp\/v2\/pages\/43\/revisions"}],"predecessor-version":[{"id":4602,"href":"https:\/\/www.heimatmuseum-erbenheim.de\/index.php?rest_route=\/wp\/v2\/pages\/43\/revisions\/4602"}],"wp:attachment":[{"href":"https:\/\/www.heimatmuseum-erbenheim.de\/index.php?rest_route=%2Fwp%2Fv2%2Fmedia&parent=43"}],"curies":[{"name":"wp","href":"https:\/\/api.w.org\/{rel}","templated":true}]}}